{"id":258,"date":"2020-01-01T13:44:19","date_gmt":"2020-01-01T12:44:19","guid":{"rendered":"http:\/\/evisoproprete.fr\/?page_id=258"},"modified":"2020-01-01T23:30:08","modified_gmt":"2020-01-01T22:30:08","slug":"prestations-entretien-de-locaux-et-nettoyage-nimes-gard","status":"publish","type":"page","link":"https:\/\/evisoproprete.fr\/index.php\/prestations-entretien-de-locaux-et-nettoyage-nimes-gard\/","title":{"rendered":"Entretien locaux prestations N\u00eemes Gard"},"content":{"rendered":"\t\t<div data-elementor-type=\"wp-page\" data-elementor-id=\"258\" class=\"elementor elementor-258\">\n\t\t\t\t\t\t\t\t\t<section class=\"elementor-section elementor-top-section elementor-element elementor-element-b39039b elementor-section-boxed elementor-section-height-default elementor-section-height-default\" data-id=\"b39039b\" data-element_type=\"section\">\n\t\t\t\t\t\t<div class=\"elementor-container elementor-column-gap-default\">\n\t\t\t\t\t<div class=\"elementor-column elementor-col-100 elementor-top-column elementor-element elementor-element-6e92fba\" data-id=\"6e92fba\" data-element_type=\"column\">\n\t\t\t<div class=\"elementor-widget-wrap elementor-element-populated\">\n\t\t\t\t\t\t\t\t<div class=\"elementor-element elementor-element-9c82a08 elementor-widget elementor-widget-heading\" data-id=\"9c82a08\" data-element_type=\"widget\" data-widget_type=\"heading.default\">\n\t\t\t\t<div class=\"elementor-widget-container\">\n\t\t\t<h2 class=\"elementor-heading-title elementor-size-default\">Entretien de locaux, jardinage...<\/h2>\t\t<\/div>\n\t\t\t\t<\/div>\n\t\t\t\t\t<\/div>\n\t\t<\/div>\n\t\t\t\t\t\t\t<\/div>\n\t\t<\/section>\n\t\t\t\t<section class=\"elementor-section elementor-top-section elementor-element elementor-element-eb354fa elementor-section-boxed elementor-section-height-default elementor-section-height-default\" data-id=\"eb354fa\" data-element_type=\"section\">\n\t\t\t\t\t\t<div class=\"elementor-container elementor-column-gap-default\">\n\t\t\t\t\t<div class=\"elementor-column elementor-col-100 elementor-top-column elementor-element elementor-element-272f2af\" data-id=\"272f2af\" data-element_type=\"column\">\n\t\t\t<div class=\"elementor-widget-wrap elementor-element-populated\">\n\t\t\t\t\t\t\t\t<div class=\"elementor-element elementor-element-b8427ee elementor-widget elementor-widget-image\" data-id=\"b8427ee\" data-element_type=\"widget\" data-widget_type=\"image.default\">\n\t\t\t\t<div class=\"elementor-widget-container\">\n\t\t\t\t\t\t\t\t\t\t\t\t\t\t\t<img decoding=\"async\" src=\"https:\/\/evisoproprete.fr\/wp-content\/uploads\/elementor\/thumbs\/indoor-2650994_1920-1-e1577883223960-oj117umb1dl8ycmnxq2b429i46k8f34ngdmhzb5tiw.jpg\" title=\"indoor-2650994_1920\" alt=\"indoor-2650994_1920\" loading=\"lazy\" \/>\t\t\t\t\t\t\t\t\t\t\t\t\t\t\t<\/div>\n\t\t\t\t<\/div>\n\t\t\t\t\t<\/div>\n\t\t<\/div>\n\t\t\t\t\t\t\t<\/div>\n\t\t<\/section>\n\t\t\t\t<section class=\"elementor-section elementor-top-section elementor-element elementor-element-09c27eb elementor-section-boxed elementor-section-height-default elementor-section-height-default\" data-id=\"09c27eb\" data-element_type=\"section\">\n\t\t\t\t\t\t<div class=\"elementor-container elementor-column-gap-default\">\n\t\t\t\t\t<div class=\"elementor-column elementor-col-33 elementor-top-column elementor-element elementor-element-1bead42\" data-id=\"1bead42\" data-element_type=\"column\">\n\t\t\t<div class=\"elementor-widget-wrap elementor-element-populated\">\n\t\t\t\t\t\t\t\t<div class=\"elementor-element elementor-element-4e4336f elementor-widget elementor-widget-text-editor\" data-id=\"4e4336f\" data-element_type=\"widget\" data-widget_type=\"text-editor.default\">\n\t\t\t\t<div class=\"elementor-widget-container\">\n\t\t\t\t\t\t\t<p><span style=\"font-family: helvetica, arial, sans-serif;\"><span style=\"font-size: 18pt;\"><strong>Pour qui ?<br><\/strong><\/span><\/span><span style=\"font-family: helvetica, arial, sans-serif;\">Particuliers, Entreprises, Collectivit\u00e9s<\/span><\/p>\n<p style=\"letter-spacing: normal;\"><strong><span style=\"font-family: helvetica, arial, sans-serif; font-size: 18pt;\">Quel type de locaux ?<br><\/span><\/strong><span style=\"font-family: helvetica, arial, sans-serif;\">Int\u00e9rieurs et ext\u00e9rieurs de&nbsp;<\/span><span style=\"font-family: helvetica, arial, sans-serif;\">copropri\u00e9t\u00e9s<\/span><span style=\"font-family: helvetica, arial, sans-serif;\">, villas, bureaux, commerces&#8230;<\/span><\/p>\n<p style=\"letter-spacing: normal;\"><strong><span style=\"font-family: helvetica, arial, sans-serif; font-size: 18pt;\">Quel usage ?<br><\/span><\/strong><span style=\"font-family: helvetica, arial, sans-serif;\">M\u00e9nage, entretien de jardins, fin de location ou de chantiers,&nbsp;<\/span><span style=\"font-family: helvetica, arial, sans-serif;\">d\u00e9barras d&rsquo;encombrants&#8230;<\/span><\/p>\t\t\t\t\t\t<\/div>\n\t\t\t\t<\/div>\n\t\t\t\t\t<\/div>\n\t\t<\/div>\n\t\t\t\t<div class=\"elementor-column elementor-col-33 elementor-top-column elementor-element elementor-element-a09ff36\" data-id=\"a09ff36\" data-element_type=\"column\">\n\t\t\t<div class=\"elementor-widget-wrap elementor-element-populated\">\n\t\t\t\t\t\t\t\t<div class=\"elementor-element elementor-element-d1941b1 elementor-widget elementor-widget-image\" data-id=\"d1941b1\" data-element_type=\"widget\" data-widget_type=\"image.default\">\n\t\t\t\t<div class=\"elementor-widget-container\">\n\t\t\t\t\t\t\t\t\t\t\t\t<figure class=\"wp-caption\">\n\t\t\t\t\t\t\t\t\t\t<img loading=\"lazy\" decoding=\"async\" width=\"500\" height=\"330\" src=\"https:\/\/evisoproprete.fr\/wp-content\/uploads\/2020\/01\/nettoyage-immeuble.jpg\" class=\"attachment-large size-large wp-image-271\" alt=\"\" srcset=\"https:\/\/evisoproprete.fr\/wp-content\/uploads\/2020\/01\/nettoyage-immeuble.jpg 500w, https:\/\/evisoproprete.fr\/wp-content\/uploads\/2020\/01\/nettoyage-immeuble-300x198.jpg 300w\" sizes=\"auto, (max-width: 500px) 100vw, 500px\" \/>\t\t\t\t\t\t\t\t\t\t\t<figcaption class=\"widget-image-caption wp-caption-text\">Entetien g\u00e9n\u00e9ral des copropri\u00e9t\u00e9s<\/figcaption>\n\t\t\t\t\t\t\t\t\t\t<\/figure>\n\t\t\t\t\t\t\t\t\t<\/div>\n\t\t\t\t<\/div>\n\t\t\t\t\t<\/div>\n\t\t<\/div>\n\t\t\t\t<div class=\"elementor-column elementor-col-33 elementor-top-column elementor-element elementor-element-44fc17f\" data-id=\"44fc17f\" data-element_type=\"column\">\n\t\t\t<div class=\"elementor-widget-wrap elementor-element-populated\">\n\t\t\t\t\t\t\t\t<div class=\"elementor-element elementor-element-aadf3f5 elementor-widget elementor-widget-image\" data-id=\"aadf3f5\" data-element_type=\"widget\" data-widget_type=\"image.default\">\n\t\t\t\t<div class=\"elementor-widget-container\">\n\t\t\t\t\t\t\t\t\t\t\t\t<figure class=\"wp-caption\">\n\t\t\t\t\t\t\t\t\t\t<img loading=\"lazy\" decoding=\"async\" width=\"500\" height=\"330\" src=\"https:\/\/evisoproprete.fr\/wp-content\/uploads\/2020\/01\/entretien-jardin.jpg\" class=\"attachment-large size-large wp-image-274\" alt=\"\" srcset=\"https:\/\/evisoproprete.fr\/wp-content\/uploads\/2020\/01\/entretien-jardin.jpg 500w, https:\/\/evisoproprete.fr\/wp-content\/uploads\/2020\/01\/entretien-jardin-300x198.jpg 300w\" sizes=\"auto, (max-width: 500px) 100vw, 500px\" \/>\t\t\t\t\t\t\t\t\t\t\t<figcaption class=\"widget-image-caption wp-caption-text\">Jardinage, entretien des espaces verts<\/figcaption>\n\t\t\t\t\t\t\t\t\t\t<\/figure>\n\t\t\t\t\t\t\t\t\t<\/div>\n\t\t\t\t<\/div>\n\t\t\t\t\t<\/div>\n\t\t<\/div>\n\t\t\t\t\t\t\t<\/div>\n\t\t<\/section>\n\t\t\t\t\t\t\t<\/div>\n\t\t","protected":false},"excerpt":{"rendered":"<p>Entretien de locaux, jardinage&#8230; Pour qui ? Particuliers, Entreprises, Collectivit\u00e9s Quel type de locaux ? Int\u00e9rieurs et ext\u00e9rieurs de&nbsp;copropri\u00e9t\u00e9s, villas, bureaux, commerces&#8230; Quel usage ? M\u00e9nage, entretien de jardins, fin de location ou de chantiers,&nbsp;d\u00e9barras d&rsquo;encombrants&#8230; Entetien g\u00e9n\u00e9ral des copropri\u00e9t\u00e9s Jardinage, entretien des espaces verts<\/p>\n","protected":false},"author":1,"featured_media":0,"parent":0,"menu_order":0,"comment_status":"closed","ping_status":"closed","template":"elementor_header_footer","meta":{"neve_meta_sidebar":"","neve_meta_container":"","neve_meta_enable_content_width":"","neve_meta_content_width":100,"neve_meta_title_alignment":"","neve_meta_author_avatar":"","neve_post_elements_order":"","neve_meta_disable_header":"","neve_meta_disable_footer":"","neve_meta_disable_title":"","footnotes":""},"class_list":["post-258","page","type-page","status-publish","hentry"],"yoast_head":"<!-- This site is optimized with the Yoast SEO plugin v27.0 - https:\/\/yoast.com\/product\/yoast-seo-wordpress\/ -->\n<title>Entretien locaux prestations N\u00eemes Gard EVISO PROPRET\u00c9<\/title>\n<meta name=\"description\" content=\"Prestations d&#039;Eviso Propret\u00e9 sp\u00e9cialis\u00e9e dans l&#039;entretien et le nettoyage situ\u00e9e \u00e0 N\u00eemes, Gard : locaux, jardins pour entreprises et particuliers\" \/>\n<meta name=\"robots\" content=\"index, follow, max-snippet:-1, max-image-preview:large, max-video-preview:-1\" \/>\n<link rel=\"canonical\" href=\"https:\/\/evisoproprete.fr\/index.php\/prestations-entretien-de-locaux-et-nettoyage-nimes-gard\/\" \/>\n<meta property=\"og:locale\" content=\"fr_FR\" \/>\n<meta property=\"og:type\" content=\"article\" \/>\n<meta property=\"og:title\" content=\"Entretien locaux prestations N\u00eemes Gard EVISO PROPRET\u00c9\" \/>\n<meta property=\"og:description\" content=\"Prestations d&#039;Eviso Propret\u00e9 sp\u00e9cialis\u00e9e dans l&#039;entretien et le nettoyage situ\u00e9e \u00e0 N\u00eemes, Gard : locaux, jardins pour entreprises et particuliers\" \/>\n<meta property=\"og:url\" content=\"https:\/\/evisoproprete.fr\/index.php\/prestations-entretien-de-locaux-et-nettoyage-nimes-gard\/\" \/>\n<meta property=\"og:site_name\" content=\"EVISO PROPRET\u00c9\" \/>\n<meta property=\"article:modified_time\" content=\"2020-01-01T22:30:08+00:00\" \/>\n<meta property=\"og:image\" content=\"https:\/\/evisoproprete.fr\/wp-content\/uploads\/elementor\/thumbs\/indoor-2650994_1920-1-e1577883223960-oj117umb1dl8ycmnxq2b429i46k8f34ngdmhzb5tiw.jpg\" \/>\n<meta name=\"twitter:card\" content=\"summary_large_image\" \/>\n<script type=\"application\/ld+json\" class=\"yoast-schema-graph\">{\"@context\":\"https:\/\/schema.org\",\"@graph\":[{\"@type\":\"WebPage\",\"@id\":\"https:\/\/evisoproprete.fr\/index.php\/prestations-entretien-de-locaux-et-nettoyage-nimes-gard\/\",\"url\":\"https:\/\/evisoproprete.fr\/index.php\/prestations-entretien-de-locaux-et-nettoyage-nimes-gard\/\",\"name\":\"Entretien locaux prestations N\u00eemes Gard EVISO PROPRET\u00c9\",\"isPartOf\":{\"@id\":\"https:\/\/evisoproprete.fr\/#website\"},\"primaryImageOfPage\":{\"@id\":\"https:\/\/evisoproprete.fr\/index.php\/prestations-entretien-de-locaux-et-nettoyage-nimes-gard\/#primaryimage\"},\"image\":{\"@id\":\"https:\/\/evisoproprete.fr\/index.php\/prestations-entretien-de-locaux-et-nettoyage-nimes-gard\/#primaryimage\"},\"thumbnailUrl\":\"https:\/\/evisoproprete.fr\/wp-content\/uploads\/elementor\/thumbs\/indoor-2650994_1920-1-e1577883223960-oj117umb1dl8ycmnxq2b429i46k8f34ngdmhzb5tiw.jpg\",\"datePublished\":\"2020-01-01T12:44:19+00:00\",\"dateModified\":\"2020-01-01T22:30:08+00:00\",\"description\":\"Prestations d'Eviso Propret\u00e9 sp\u00e9cialis\u00e9e dans l'entretien et le nettoyage situ\u00e9e \u00e0 N\u00eemes, Gard : locaux, jardins pour entreprises et particuliers\",\"breadcrumb\":{\"@id\":\"https:\/\/evisoproprete.fr\/index.php\/prestations-entretien-de-locaux-et-nettoyage-nimes-gard\/#breadcrumb\"},\"inLanguage\":\"fr-FR\",\"potentialAction\":[{\"@type\":\"ReadAction\",\"target\":[\"https:\/\/evisoproprete.fr\/index.php\/prestations-entretien-de-locaux-et-nettoyage-nimes-gard\/\"]}]},{\"@type\":\"ImageObject\",\"inLanguage\":\"fr-FR\",\"@id\":\"https:\/\/evisoproprete.fr\/index.php\/prestations-entretien-de-locaux-et-nettoyage-nimes-gard\/#primaryimage\",\"url\":\"https:\/\/evisoproprete.fr\/wp-content\/uploads\/elementor\/thumbs\/indoor-2650994_1920-1-e1577883223960-oj117umb1dl8ycmnxq2b429i46k8f34ngdmhzb5tiw.jpg\",\"contentUrl\":\"https:\/\/evisoproprete.fr\/wp-content\/uploads\/elementor\/thumbs\/indoor-2650994_1920-1-e1577883223960-oj117umb1dl8ycmnxq2b429i46k8f34ngdmhzb5tiw.jpg\"},{\"@type\":\"BreadcrumbList\",\"@id\":\"https:\/\/evisoproprete.fr\/index.php\/prestations-entretien-de-locaux-et-nettoyage-nimes-gard\/#breadcrumb\",\"itemListElement\":[{\"@type\":\"ListItem\",\"position\":1,\"name\":\"Accueil\",\"item\":\"https:\/\/evisoproprete.fr\/\"},{\"@type\":\"ListItem\",\"position\":2,\"name\":\"Entretien locaux prestations N\u00eemes Gard\"}]},{\"@type\":\"WebSite\",\"@id\":\"https:\/\/evisoproprete.fr\/#website\",\"url\":\"https:\/\/evisoproprete.fr\/\",\"name\":\"EVISO PROPRET\u00c9\",\"description\":\"\u2706 06 42 40 72 76 Nettoyage sur N\u00eemes et le Gard\",\"potentialAction\":[{\"@type\":\"SearchAction\",\"target\":{\"@type\":\"EntryPoint\",\"urlTemplate\":\"https:\/\/evisoproprete.fr\/?s={search_term_string}\"},\"query-input\":{\"@type\":\"PropertyValueSpecification\",\"valueRequired\":true,\"valueName\":\"search_term_string\"}}],\"inLanguage\":\"fr-FR\"}]}<\/script>\n<!-- \/ Yoast SEO plugin. -->","yoast_head_json":{"title":"Entretien locaux prestations N\u00eemes Gard EVISO PROPRET\u00c9","description":"Prestations d'Eviso Propret\u00e9 sp\u00e9cialis\u00e9e dans l'entretien et le nettoyage situ\u00e9e \u00e0 N\u00eemes, Gard : locaux, jardins pour entreprises et particuliers","robots":{"index":"index","follow":"follow","max-snippet":"max-snippet:-1","max-image-preview":"max-image-preview:large","max-video-preview":"max-video-preview:-1"},"canonical":"https:\/\/evisoproprete.fr\/index.php\/prestations-entretien-de-locaux-et-nettoyage-nimes-gard\/","og_locale":"fr_FR","og_type":"article","og_title":"Entretien locaux prestations N\u00eemes Gard EVISO PROPRET\u00c9","og_description":"Prestations d'Eviso Propret\u00e9 sp\u00e9cialis\u00e9e dans l'entretien et le nettoyage situ\u00e9e \u00e0 N\u00eemes, Gard : locaux, jardins pour entreprises et particuliers","og_url":"https:\/\/evisoproprete.fr\/index.php\/prestations-entretien-de-locaux-et-nettoyage-nimes-gard\/","og_site_name":"EVISO PROPRET\u00c9","article_modified_time":"2020-01-01T22:30:08+00:00","og_image":[{"url":"https:\/\/evisoproprete.fr\/wp-content\/uploads\/elementor\/thumbs\/indoor-2650994_1920-1-e1577883223960-oj117umb1dl8ycmnxq2b429i46k8f34ngdmhzb5tiw.jpg","type":"","width":"","height":""}],"twitter_card":"summary_large_image","schema":{"@context":"https:\/\/schema.org","@graph":[{"@type":"WebPage","@id":"https:\/\/evisoproprete.fr\/index.php\/prestations-entretien-de-locaux-et-nettoyage-nimes-gard\/","url":"https:\/\/evisoproprete.fr\/index.php\/prestations-entretien-de-locaux-et-nettoyage-nimes-gard\/","name":"Entretien locaux prestations N\u00eemes Gard EVISO PROPRET\u00c9","isPartOf":{"@id":"https:\/\/evisoproprete.fr\/#website"},"primaryImageOfPage":{"@id":"https:\/\/evisoproprete.fr\/index.php\/prestations-entretien-de-locaux-et-nettoyage-nimes-gard\/#primaryimage"},"image":{"@id":"https:\/\/evisoproprete.fr\/index.php\/prestations-entretien-de-locaux-et-nettoyage-nimes-gard\/#primaryimage"},"thumbnailUrl":"https:\/\/evisoproprete.fr\/wp-content\/uploads\/elementor\/thumbs\/indoor-2650994_1920-1-e1577883223960-oj117umb1dl8ycmnxq2b429i46k8f34ngdmhzb5tiw.jpg","datePublished":"2020-01-01T12:44:19+00:00","dateModified":"2020-01-01T22:30:08+00:00","description":"Prestations d'Eviso Propret\u00e9 sp\u00e9cialis\u00e9e dans l'entretien et le nettoyage situ\u00e9e \u00e0 N\u00eemes, Gard : locaux, jardins pour entreprises et particuliers","breadcrumb":{"@id":"https:\/\/evisoproprete.fr\/index.php\/prestations-entretien-de-locaux-et-nettoyage-nimes-gard\/#breadcrumb"},"inLanguage":"fr-FR","potentialAction":[{"@type":"ReadAction","target":["https:\/\/evisoproprete.fr\/index.php\/prestations-entretien-de-locaux-et-nettoyage-nimes-gard\/"]}]},{"@type":"ImageObject","inLanguage":"fr-FR","@id":"https:\/\/evisoproprete.fr\/index.php\/prestations-entretien-de-locaux-et-nettoyage-nimes-gard\/#primaryimage","url":"https:\/\/evisoproprete.fr\/wp-content\/uploads\/elementor\/thumbs\/indoor-2650994_1920-1-e1577883223960-oj117umb1dl8ycmnxq2b429i46k8f34ngdmhzb5tiw.jpg","contentUrl":"https:\/\/evisoproprete.fr\/wp-content\/uploads\/elementor\/thumbs\/indoor-2650994_1920-1-e1577883223960-oj117umb1dl8ycmnxq2b429i46k8f34ngdmhzb5tiw.jpg"},{"@type":"BreadcrumbList","@id":"https:\/\/evisoproprete.fr\/index.php\/prestations-entretien-de-locaux-et-nettoyage-nimes-gard\/#breadcrumb","itemListElement":[{"@type":"ListItem","position":1,"name":"Accueil","item":"https:\/\/evisoproprete.fr\/"},{"@type":"ListItem","position":2,"name":"Entretien locaux prestations N\u00eemes Gard"}]},{"@type":"WebSite","@id":"https:\/\/evisoproprete.fr\/#website","url":"https:\/\/evisoproprete.fr\/","name":"EVISO PROPRET\u00c9","description":"\u2706 06 42 40 72 76 Nettoyage sur N\u00eemes et le Gard","potentialAction":[{"@type":"SearchAction","target":{"@type":"EntryPoint","urlTemplate":"https:\/\/evisoproprete.fr\/?s={search_term_string}"},"query-input":{"@type":"PropertyValueSpecification","valueRequired":true,"valueName":"search_term_string"}}],"inLanguage":"fr-FR"}]}},"_links":{"self":[{"href":"https:\/\/evisoproprete.fr\/index.php\/wp-json\/wp\/v2\/pages\/258","targetHints":{"allow":["GET"]}}],"collection":[{"href":"https:\/\/evisoproprete.fr\/index.php\/wp-json\/wp\/v2\/pages"}],"about":[{"href":"https:\/\/evisoproprete.fr\/index.php\/wp-json\/wp\/v2\/types\/page"}],"author":[{"embeddable":true,"href":"https:\/\/evisoproprete.fr\/index.php\/wp-json\/wp\/v2\/users\/1"}],"replies":[{"embeddable":true,"href":"https:\/\/evisoproprete.fr\/index.php\/wp-json\/wp\/v2\/comments?post=258"}],"version-history":[{"count":36,"href":"https:\/\/evisoproprete.fr\/index.php\/wp-json\/wp\/v2\/pages\/258\/revisions"}],"predecessor-version":[{"id":422,"href":"https:\/\/evisoproprete.fr\/index.php\/wp-json\/wp\/v2\/pages\/258\/revisions\/422"}],"wp:attachment":[{"href":"https:\/\/evisoproprete.fr\/index.php\/wp-json\/wp\/v2\/media?parent=258"}],"curies":[{"name":"wp","href":"https:\/\/api.w.org\/{rel}","templated":true}]}}